{"version":"1.0","provider_name":"Dos Columnas","provider_url":"https:\/\/iicolumnas.es","title":"Aquel Domingo de Ramos de anta\u00f1o maricasta\u00f1o - Dos Columnas","type":"rich","width":600,"height":338,"html":"<blockquote class=\"wp-embedded-content\" data-secret=\"ighBMdg3WS\"><a href=\"https:\/\/iicolumnas.es\/index.php\/actualidad\/2019\/04\/13\/aquel-domingo-de-ramos-de-antano-maricastano\/\">Aquel Domingo de Ramos de anta\u00f1o maricasta\u00f1o<\/a><\/blockquote><iframe sandbox=\"allow-scripts\" security=\"restricted\" src=\"https:\/\/iicolumnas.es\/index.php\/actualidad\/2019\/04\/13\/aquel-domingo-de-ramos-de-antano-maricastano\/embed\/#?secret=ighBMdg3WS\" width=\"600\" height=\"338\" title=\"\u00abAquel Domingo de Ramos de anta\u00f1o maricasta\u00f1o\u00bb \u2014 Dos Columnas\" data-secret=\"ighBMdg3WS\" frameborder=\"0\" marginwidth=\"0\" marginheight=\"0\" scrolling=\"no\" class=\"wp-embedded-content\"><\/iframe><script>\n\/*! This file is auto-generated *\/\n!function(d,l){\"use strict\";l.querySelector&&d.addEventListener&&\"undefined\"!=typeof URL&&(d.wp=d.wp||{},d.wp.receiveEmbedMessage||(d.wp.receiveEmbedMessage=function(e){var t=e.data;if((t||t.secret||t.message||t.value)&&!\/[^a-zA-Z0-9]\/.test(t.secret)){for(var s,r,n,a=l.querySelectorAll('iframe[data-secret=\"'+t.secret+'\"]'),o=l.querySelectorAll('blockquote[data-secret=\"'+t.secret+'\"]'),c=new RegExp(\"^https?:$\",\"i\"),i=0;i<o.length;i++)o[i].style.display=\"none\";for(i=0;i<a.length;i++)s=a[i],e.source===s.contentWindow&&(s.removeAttribute(\"style\"),\"height\"===t.message?(1e3<(r=parseInt(t.value,10))?r=1e3:~~r<200&&(r=200),s.height=r):\"link\"===t.message&&(r=new URL(s.getAttribute(\"src\")),n=new URL(t.value),c.test(n.protocol))&&n.host===r.host&&l.activeElement===s&&(d.top.location.href=t.value))}},d.addEventListener(\"message\",d.wp.receiveEmbedMessage,!1),l.addEventListener(\"DOMContentLoaded\",function(){for(var e,t,s=l.querySelectorAll(\"iframe.wp-embedded-content\"),r=0;r<s.length;r++)(t=(e=s[r]).getAttribute(\"data-secret\"))||(t=Math.random().toString(36).substring(2,12),e.src+=\"#?secret=\"+t,e.setAttribute(\"data-secret\",t)),e.contentWindow.postMessage({message:\"ready\",secret:t},\"*\")},!1)))}(window,document);\n<\/script>\n","thumbnail_url":"https:\/\/iicolumnas.es\/wp-content\/uploads\/2019\/04\/FOTO-PEDRO-PEREZ-GONZALEZ-RAMO.jpg","thumbnail_width":733,"thumbnail_height":554,"description":"Con motivo de la festividad de ma\u00f1ana, Domingo de Ramos,\u00a0 Pedro comparte con nosotros una peque\u00f1a cr\u00f3nica de la tradici\u00f3n que en los a\u00f1os 60 hab\u00eda en Cantalpino en este d\u00eda. Para ver el&#46;&#46;&#46;"}